{"id":149,"date":"2021-03-17T15:41:49","date_gmt":"2021-03-17T14:41:49","guid":{"rendered":"https:\/\/intermife.fr\/intermifeaura\/?page_id=149"},"modified":"2021-03-17T16:01:51","modified_gmt":"2021-03-17T15:01:51","slug":"projet-collectif-de-vae","status":"publish","type":"page","link":"https:\/\/intermife.fr\/intermifeaura\/nos-prestations\/projet-collectif-de-vae\/","title":{"rendered":"Projet collectif de VAE"},"content":{"rendered":"<p>Longtemps Point d\u2019Info Conseil VAE, les MIFE ont \u00e9t\u00e9 \u00e0 l\u2019origine de\u00a0<span style=\"color: #2e3192;\"><a style=\"color: #2e3192;\" href=\"https:\/\/intermife.fr\/blog\/projet-collectif-regional-de-vae-ephad-ssiad-spasad-2019-2020\/\"><strong><em>nombreux Projets Collectifs de VAE<\/em><\/strong><\/a><\/span>, dans diff\u00e9rents secteurs d\u2019activit\u00e9s par un travail partenarial avec les entreprises, les OPCO et P\u00f4le Emploi. Elles ont mis en \u0153uvre une m\u00e9thodologie d\u2019accompagnement renforc\u00e9 \u00e0 la VAE assurant aux individus des\u00a0<a href=\"https:\/\/intermife.fr\/blog\/lexperience-reussie-dun-projet-collectif-de-vae-en-ehpad-quand-la-vae-devient-un-outil-rh\/\" target=\"_blank\" rel=\"noopener\"><strong><em><span style=\"color: #2e3192;\">taux de r\u00e9ussite reconnus.<\/span><\/em><\/strong><\/a><\/p>\n<p><strong>Projet Collectif de VAE\u00a0 r\u00e9gional 2014 \u2013 2017<\/strong><\/p>\n<p>Un projet co-pilot\u00e9 avec l\u2019AVAETSS financ\u00e9 par la DIRECCTE ARA, l\u2019ARS, la DRJSCS et le Conseil R\u00e9gional.<\/p>\n<p><a href=\"https:\/\/intermife.fr\/wp-content\/uploads\/2020\/10\/Demarche-Process-1.png\" target=\"_blank\" rel=\"noopener\"><img loading=\"lazy\" class=\"size-medium wp-image-2469 alignleft\" src=\"https:\/\/intermife.fr\/wp-content\/uploads\/2020\/10\/Demarche-Process-240x300.png\" sizes=\"(max-width: 240px) 100vw, 240px\" srcset=\"https:\/\/intermife.fr\/wp-content\/uploads\/2020\/10\/Demarche-Process-240x300.png 240w, https:\/\/intermife.fr\/wp-content\/uploads\/2020\/10\/Demarche-Process-768x959.png 768w, https:\/\/intermife.fr\/wp-content\/uploads\/2020\/10\/Demarche-Process-820x1024.png 820w, https:\/\/intermife.fr\/wp-content\/uploads\/2020\/10\/Demarche-Process-830x1037.png 830w, https:\/\/intermife.fr\/wp-content\/uploads\/2020\/10\/Demarche-Process-230x287.png 230w, https:\/\/intermife.fr\/wp-content\/uploads\/2020\/10\/Demarche-Process-350x437.png 350w, https:\/\/intermife.fr\/wp-content\/uploads\/2020\/10\/Demarche-Process-480x600.png 480w, https:\/\/intermife.fr\/wp-content\/uploads\/2020\/10\/Demarche-Process.png 1055w\" alt=\"\" width=\"240\" height=\"300\" \/><\/a><\/p>\n<p><strong>Objectifs Globaux<\/strong><br \/>\nR\u00e9pondre aux\u00a0<strong>besoins de personnels qualifi\u00e9s<\/strong>\u00a0en EHPAD et SSIAD<br \/>\nPromouvoir la\u00a0<strong>VAE comme outil RH<\/strong>\u00a0aupr\u00e8s des employeurs, dans une logique de\u00a0 qualification, de parcours et de formation<br \/>\nOrganiser un\u00a0<strong>accompagnement et un appui renforc\u00e9<\/strong>\u00a0afin de faciliter l\u2019acc\u00e8s \u00e0 la VAE<br \/>\nG\u00e9n\u00e9rer une\u00a0<strong>dynamique territoriale<\/strong>\u00a0par la mise en \u0153uvre d\u2019une d\u00e9marche collective pour les candidats, les employeurs et les acteurs de la VAE<\/p>\n<p><strong>Publics concern\u00e9s<\/strong><br \/>\nles salari\u00e9.e.s des entreprises vis\u00e9es \u201cfaisant fonction de\u201d dans les dipl\u00f4mes concern\u00e9s<br \/>\nLes demandeur.e.s d\u2019emploi cumulant des CDD et n\u2019ayant pas de qualification<br \/>\n<strong>Pr\u00e9-requis:<\/strong><br \/>\nUn an d\u2019exp\u00e9rience (\u00e0 temps plein)\u00a0<a href=\"https:\/\/intermife.fr\/blog\/faire-reconnaitre-acquis\/\" target=\"_blank\" rel=\"noopener\"><em><strong><span style=\"color: #2e3192;\">Voir l\u2019article<\/span><\/strong><\/em><\/a><\/p>\n<p><strong>Dipl\u00f4mes concern\u00e9s :<\/strong><br \/>\nDipl\u00f4me d\u2019\u00c9tat d\u2019 Aide-Soignant et Dipl\u00f4me d\u2019\u00c9tat d\u2019Accompagnant \u00c9ducatif et Social (anciennement Aide M\u00e9dico-Psychologique)<\/p>\n<p><strong>P\u00e9rim\u00e8tre g\u00e9ographique:<\/strong><br \/>\nTerritoires de l\u2019Arc Alpin : d\u00e9partements de l\u2019Is\u00e8re, la Savoie et la Haute Savoie<\/p>\n<p><strong>Acteurs et financeurs :<\/strong><br \/>\n<strong>Gouvernance multi partenariale<\/strong>\u00a0: ARS, Conseils D\u00e9partementaux 38, 73 et 74, Conseil R\u00e9gional, DIRECCTE, DRDJSCS<br \/>\n<strong>Co-pilotage r\u00e9gional<\/strong>\u00a0: INTERMIFE Auvergne Rh\u00f4ne-Alpes (r\u00e9seau des Maisons de l\u2019Information, sur la Formation et l\u2019Emploi) et AVAETSS<br \/>\nCinq\u00a0<strong>OPCA<\/strong>\u00a0impliqu\u00e9s ACTALIANS, ANFH, OPCALIA, UNIFAF, UNIFORMATION facilitant la prise en charge des candidat.e.s (Temps de travail et accompagnement)<br \/>\nNeuf organismes de formation (IFAS, MFR)<br \/>\nP\u00f4le emploi<br \/>\n51 \u00e9tablissements \/ employeurs engag\u00e9s dans le projet : r\u00e9partition par d\u00e9partement : 25 en Is\u00e8re, 19 en Haute-Savoie et 7 en Savoie<\/p>\n<p>Des prises en charge financi\u00e8res facilit\u00e9es pour l\u2019entreprise et une prestation gratuite pour les b\u00e9n\u00e9ficiaires<\/p>\n<p><strong>B\u00e9n\u00e9fices :<\/strong><br \/>\n<strong>Pour les \u00e9tablissements<\/strong><br \/>\n\u2013 Anticiper et adapter la politique de gestion des ressources humaines<br \/>\n\u2013 Engager une d\u00e9marche comp\u00e9tences et qualifier les salari\u00e9s<br \/>\n\u2013 Faciliter la d\u00e9marche VAE et optimiser les financements gr\u00e2ce \u00e0 un projet collectif<br \/>\n\u2013 B\u00e9n\u00e9ficier d\u2019un appui dans la mise en \u0153uvre des parcours des salari\u00e9s<br \/>\n<strong>Pour les salari\u00e9.e.s<\/strong><br \/>\n\u2013 Acc\u00e9der \u00e0 la qualification d\u2019Aide-Soignant ou d\u2019Accompagnant \u00c9ducatif et Social<br \/>\n\u2013 B\u00e9n\u00e9ficier d\u2019une d\u00e9marche collective et concert\u00e9e avec l\u2019employeur<br \/>\n\u2013 \u00catre accompagn\u00e9.e et guid\u00e9.e par un interlocuteur d\u00e9di\u00e9 et facilitateur tout au long du parcours<\/p>\n<p><strong>Les r\u00e9sultats 2014 \u2013 2017<\/strong><\/p>\n<p><a href=\"https:\/\/intermife.fr\/wp-content\/uploads\/2020\/10\/Chiffre_cle_Flyer-VAE-2014.pdf\" target=\"_blank\" rel=\"noopener\"><strong><em><span style=\"color: #2e3192;\">T\u00e9l\u00e9chargez les chiffres cl\u00e9s de ce projet<\/span><\/em><\/strong><\/a><\/p>\n<p>La r\u00e9f\u00e9rence de parcours a \u00e9t\u00e9 jug\u00e9e suffisante voire<strong>\u00a0indispensable pour 80% des candidat.es<\/strong>\u00a0qu\u2019ils soient en validation totale ou partielle. Cependant pour les candidat.es en validation partielle, le fait que l\u2019assistance renforc\u00e9e ne se poursuive pas dans le temps apr\u00e8s le jury a pos\u00e9 probl\u00e8me et a \u00e9t\u00e9 un \u00e9l\u00e9ment de regret, \u00e0 un moment o\u00f9 ce soutien aurait \u00e9t\u00e9 particuli\u00e8rement important pour poursuivre leur d\u00e9marche. C\u2019est un\u00a0<strong>\u00e9l\u00e9ment d\u2019am\u00e9lioration identifi\u00e9<\/strong>\u00a0dans le bilan final. Il ressort ici, du point de vue des candidat.es confirmant les orientations propos\u00e9es par les pilotes du projet.\u00a0<a href=\"https:\/\/intermife.fr\/wp-content\/uploads\/2020\/10\/2018-enqu%C3%AAte-Projet-COlle-14-17.pdf\" target=\"_blank\" rel=\"noopener\"><em><strong><span style=\"color: #2e3192;\">Retrouvez l\u2019enqu\u00eate dans son int\u00e9gralit\u00e9.<\/span><\/strong><\/em><\/a><\/p>\n<p>Vous souhaitez mettre en place un projet de VAE dans votre entreprise\u00a0<strong><em>contactez nous<\/em><\/strong><\/p>\n<p><iframe loading=\"lazy\" width=\"1170\" height=\"658\" src=\"https:\/\/www.youtube.com\/embed\/cPWuYXkdsPI?feature=oembed\" frameborder=\"0\" allow=\"accelerometer; autoplay; clipboard-write; encrypted-media; gyroscope; picture-in-picture\" allowfullscreen><\/iframe><\/p>\n","protected":false},"excerpt":{"rendered":"<p>Longtemps Point d\u2019Info Conseil VAE, les MIFE ont \u00e9t\u00e9 \u00e0 l\u2019origine de\u00a0nombreux Projets Collectifs de VAE, dans diff\u00e9rents secteurs d\u2019activit\u00e9s par un travail partenarial avec les entreprises, les OPCO et P\u00f4le Emploi. Elles ont mis en \u0153uvre une m\u00e9thodologie d\u2019accompagnement renforc\u00e9 \u00e0 la VAE assurant aux individus des\u00a0taux de r\u00e9ussite reconnus. Projet Collectif de VAE\u00a0 [&hellip;]<\/p>\n","protected":false},"author":3,"featured_media":0,"parent":124,"menu_order":0,"comment_status":"closed","ping_status":"closed","template":"","meta":[],"_links":{"self":[{"href":"https:\/\/intermife.fr\/intermifeaura\/wp-json\/wp\/v2\/pages\/149"}],"collection":[{"href":"https:\/\/intermife.fr\/intermifeaura\/wp-json\/wp\/v2\/pages"}],"about":[{"href":"https:\/\/intermife.fr\/intermifeaura\/wp-json\/wp\/v2\/types\/page"}],"author":[{"embeddable":true,"href":"https:\/\/intermife.fr\/intermifeaura\/wp-json\/wp\/v2\/users\/3"}],"replies":[{"embeddable":true,"href":"https:\/\/intermife.fr\/intermifeaura\/wp-json\/wp\/v2\/comments?post=149"}],"version-history":[{"count":4,"href":"https:\/\/intermife.fr\/intermifeaura\/wp-json\/wp\/v2\/pages\/149\/revisions"}],"predecessor-version":[{"id":164,"href":"https:\/\/intermife.fr\/intermifeaura\/wp-json\/wp\/v2\/pages\/149\/revisions\/164"}],"up":[{"embeddable":true,"href":"https:\/\/intermife.fr\/intermifeaura\/wp-json\/wp\/v2\/pages\/124"}],"wp:attachment":[{"href":"https:\/\/intermife.fr\/intermifeaura\/wp-json\/wp\/v2\/media?parent=149"}],"curies":[{"name":"wp","href":"https:\/\/api.w.org\/{rel}","templated":true}]}}