{"id":304,"date":"2021-04-20T15:50:45","date_gmt":"2021-04-20T13:50:45","guid":{"rendered":"https:\/\/intermife.fr\/intermifeaura\/?page_id=304"},"modified":"2021-04-20T16:17:18","modified_gmt":"2021-04-20T14:17:18","slug":"accompagnement-des-transitions-professionnelles","status":"publish","type":"page","link":"https:\/\/intermife.fr\/intermifeaura\/missions\/accompagnement-des-transitions-professionnelles\/","title":{"rendered":"Accompagnement des transitions professionnelles"},"content":{"rendered":"<p>[vc_row][vc_column][vc_column_text]<\/p>\n<p style=\"text-align: justify;\">En Auvergne Rh\u00f4ne Alpes, les MIFE proposent aux personnes de plus de 45 ans un accompagnement sp\u00e9cifiques.<\/p>\n<p style=\"text-align: justify;\">Les seniors de plus de 45 ans est une classe d\u2019\u00e2ge stigmatis\u00e9e\u00a0 \u00e0 la fois par l\u2019entreprise, par les acteurs de l\u2019accompagnement et dans bien des cas par eux-m\u00eames.<\/p>\n<p style=\"text-align: center;\">\u00ab\u00a0Un senior reste, en moyenne, deux fois plus longtemps au ch\u00f4mage\u00a0que l\u2019ensemble des demandeurs d\u2019emploi\u00a0\u00bb<\/p>\n<p>[\/vc_column_text][\/vc_column][\/vc_row][vc_row][vc_column][vc_custom_heading text=&#8221;Notre accompagnement&#8221; font_container=&#8221;tag:p|text_align:center|color:%23ffffff&#8221; google_fonts=&#8221;font_family:Raleway%3A100%2C200%2C300%2Cregular%2C500%2C600%2C700%2C800%2C900|font_style:400%20regular%3A400%3Anormal&#8221; css=&#8221;.vc_custom_1618926719639{background-color: #f0c303 !important;}&#8221;][vc_column_text]<\/p>\n<p style=\"text-align: justify;\">Cet accompagnement comprend les 5 grandes \u00e9tapes :<br \/>\n<strong>1.\u00a0\u00a0 Positiver son parcours personnel et professionnel\u00a0:<\/strong><\/p>\n<p>R\u00e9aliser le bilan de son parcours et de toutes ses exp\u00e9riences personnelles et professionnelles.<br \/>\n\u00c9laborer sa carte de comp\u00e9tences.<\/p>\n<p style=\"text-align: justify;\"><strong>2.\u00a0\u00a0 Red\u00e9finir ses priorit\u00e9s de vie pour trouver sa place en tant que senior dans le monde du travail\u00a0:<\/strong><br \/>\nIl s\u2019agit d\u2019amener les b\u00e9n\u00e9ficiaires \u00e0 faire le deuil de leur statut ant\u00e9rieur si besoin, des emplois et activit\u00e9s, qu\u2019ils\/elles ne peuvent plus r\u00e9aliser et \u00e0 penser une nouvelle organisation de ses temps de vie personnelle, familiale, sociale et professionnelle. Chaque b\u00e9n\u00e9ficiaire se repr\u00e9sente alors ses priorit\u00e9s de vie et comment le projet professionnel peut s\u2019y int\u00e9grer en coh\u00e9rence.<\/p>\n<p style=\"text-align: justify;\"><strong>3.\u00a0\u00a0 Acc\u00e9der aux codes et usages socioprofessionnels de l\u2019entreprise d\u2019aujourd\u2019hui et analyser la r\u00e9alit\u00e9 du m\u00e9tier :<\/strong><br \/>\nAccompagnement \u00e0 la r\u00e9alisation d\u2019enqu\u00eates m\u00e9tiers, visites et immersions en entreprise, rencontres de s\u00e9niors ayant chang\u00e9 d\u2019orientation professionnelle, retrouv\u00e9 un emploi apr\u00e8s une p\u00e9riode de ch\u00f4mage.<br \/>\nAu cours de ce module, sont pr\u00e9sent\u00e9s : le march\u00e9 ouvert (comment l\u2019introduire, analyser les offres, travailler sur les offres d\u2019emploi non pourvues)\u00a0; le march\u00e9 cach\u00e9 et l\u2019analyse statistique d\u2019un m\u00e9tier (\u00e0 partir de sites list\u00e9s en r\u00e9f\u00e9rence\u00a0: Fiches ROME, CNFPT, APEC, Auvergne Rh\u00f4ne Alpes Orientation, outils d&#8217;orientation professionnelle\u2026)<\/p>\n<p style=\"text-align: justify;\"><strong>4.\u00a0\u00a0 Plan d\u2019action et strat\u00e9gies de mises en \u0153uvre de son projet professionnel pour mener \u00e0 bien sa recherche d\u2019emploi\u00a0:<\/strong><br \/>\nCe module comprend :<br \/>\nun apport th\u00e9orique sur l\u2019\u00e9laboration de projet et ses \u00e9tapes,<br \/>\nLes diff\u00e9rents types de contrats de travail et les aides sp\u00e9cifiques emploi senior pour les entreprises.<br \/>\ndes ateliers comme \u00ab savoir utiliser \u00e0 bon escient les r\u00e9seaux sociaux \u00bb, \u00ab connaissance et activation des dispositifs \u00bb, \u00ab\u00a0emploi store\u00a0\u00bb.<br \/>\nde l\u2019entrainement aux entretiens.<br \/>\nL\u2019objectif est d\u2019enrichir collectivement les informations et de partager les contacts utiles \u00e0 l\u2019ensemble des stagiaires (possibilit\u00e9s d\u2019avoir un parrain\/une marraine).<\/p>\n<p>[\/vc_column_text][\/vc_column][\/vc_row][vc_row][vc_column][vc_custom_heading text=&#8221;T\u00e9moignages&#8221; font_container=&#8221;tag:p|text_align:center|color:%23ffffff&#8221; google_fonts=&#8221;font_family:Raleway%3A100%2C200%2C300%2Cregular%2C500%2C600%2C700%2C800%2C900|font_style:400%20regular%3A400%3Anormal&#8221; css=&#8221;.vc_custom_1618927001821{background-color: #f0c300 !important;}&#8221;][\/vc_column][\/vc_row][vc_row][vc_column][vc_column_text]<iframe loading=\"lazy\" title=\"YouTube video player\" src=\"https:\/\/www.youtube.com\/embed\/uMsnuPlGolc\" width=\"560\" height=\"315\" frameborder=\"0\" allowfullscreen=\"allowfullscreen\"><\/iframe>[\/vc_column_text][\/vc_column][\/vc_row][vc_row][vc_column][vc_custom_heading text=&#8221;R\u00e9sultats attendus&#8221; font_container=&#8221;tag:p|text_align:center|color:%23ffffff&#8221; google_fonts=&#8221;font_family:Raleway%3A100%2C200%2C300%2Cregular%2C500%2C600%2C700%2C800%2C900|font_style:400%20regular%3A400%3Anormal&#8221; css=&#8221;.vc_custom_1618927164997{background-color: #f0c300 !important;}&#8221;][\/vc_column][\/vc_row][vc_row][vc_column][vc_column_text]<\/p>\n<ul>\n<li>Sortir de l\u2019isolement<\/li>\n<li>Lib\u00e9rer la parole et g\u00e9rer l\u2019\u00e9motionnel li\u00e9 \u00e0 la recherche d\u2019emploi et le manque de perspectives<\/li>\n<li>Reprendre confiance en soi, ses capacit\u00e9s<\/li>\n<li>Communiquer en groupe et en face \u00e0 face\/argumenter<\/li>\n<li>Mettre en place des actions, se redynamiser<\/li>\n<li>D\u00e9finir un projet coh\u00e9rent et une strat\u00e9gie ad\u00e9quate<\/li>\n<li>Solliciter un r\u00e9seau<\/li>\n<li>Acqu\u00e9rir\/renforcer ses m\u00e9thodes\/outils de recherches d\u2019emploi<\/li>\n<li>Connaitre et s\u2019emparer des dispositifs existants<\/li>\n<\/ul>\n<p>[\/vc_column_text][\/vc_column][\/vc_row]<\/p>\n","protected":false},"excerpt":{"rendered":"<p>[vc_row][vc_column][vc_column_text] En Auvergne Rh\u00f4ne Alpes, les MIFE proposent aux personnes de plus de 45 ans un accompagnement sp\u00e9cifiques. Les seniors de plus de 45 ans est une classe d\u2019\u00e2ge stigmatis\u00e9e\u00a0 \u00e0 la fois par l\u2019entreprise, par les acteurs de l\u2019accompagnement et dans bien des cas par eux-m\u00eames. \u00ab\u00a0Un senior reste, en moyenne, deux fois plus [&hellip;]<\/p>\n","protected":false},"author":3,"featured_media":0,"parent":169,"menu_order":0,"comment_status":"closed","ping_status":"closed","template":"","meta":[],"_links":{"self":[{"href":"https:\/\/intermife.fr\/intermifeaura\/wp-json\/wp\/v2\/pages\/304"}],"collection":[{"href":"https:\/\/intermife.fr\/intermifeaura\/wp-json\/wp\/v2\/pages"}],"about":[{"href":"https:\/\/intermife.fr\/intermifeaura\/wp-json\/wp\/v2\/types\/page"}],"author":[{"embeddable":true,"href":"https:\/\/intermife.fr\/intermifeaura\/wp-json\/wp\/v2\/users\/3"}],"replies":[{"embeddable":true,"href":"https:\/\/intermife.fr\/intermifeaura\/wp-json\/wp\/v2\/comments?post=304"}],"version-history":[{"count":9,"href":"https:\/\/intermife.fr\/intermifeaura\/wp-json\/wp\/v2\/pages\/304\/revisions"}],"predecessor-version":[{"id":306,"href":"https:\/\/intermife.fr\/intermifeaura\/wp-json\/wp\/v2\/pages\/304\/revisions\/306"}],"up":[{"embeddable":true,"href":"https:\/\/intermife.fr\/intermifeaura\/wp-json\/wp\/v2\/pages\/169"}],"wp:attachment":[{"href":"https:\/\/intermife.fr\/intermifeaura\/wp-json\/wp\/v2\/media?parent=304"}],"curies":[{"name":"wp","href":"https:\/\/api.w.org\/{rel}","templated":true}]}}